{"id":3037,"date":"2023-07-04T22:56:11","date_gmt":"2023-07-05T03:56:11","guid":{"rendered":"https:\/\/wp.liceoantoniotoledo.com\/?page_id=3037"},"modified":"2023-09-20T12:30:54","modified_gmt":"2023-09-20T17:30:54","slug":"rectoria","status":"publish","type":"page","link":"https:\/\/www.liceoantoniotoledo.com\/?page_id=3037","title":{"rendered":"Rector\u00eda"},"content":{"rendered":"\t\t<div data-elementor-type=\"wp-page\" data-elementor-id=\"3037\" class=\"elementor elementor-3037\">\n\t\t\t\t\t\t<section class=\"elementor-section elementor-top-section elementor-element elementor-element-82a5b61 elementor-section-boxed elementor-section-height-default elementor-section-height-default wpr-particle-no wpr-jarallax-no wpr-parallax-no wpr-sticky-section-no wpr-column-slider-no wpr-equal-height-no\" data-id=\"82a5b61\" data-element_type=\"section\">\n\t\t\t\t\t\t<div class=\"elementor-container elementor-column-gap-default\">\n\t\t\t\t\t<div class=\"elementor-column elementor-col-100 elementor-top-column elementor-element elementor-element-7f7b567\" data-id=\"7f7b567\" data-element_type=\"column\">\n\t\t\t<div class=\"elementor-widget-wrap elementor-element-populated\">\n\t\t\t\t\t\t<section class=\"elementor-section elementor-inner-section elementor-element elementor-element-e2f4572 elementor-section-boxed elementor-section-height-default elementor-section-height-default wpr-particle-no wpr-jarallax-no wpr-parallax-no wpr-sticky-section-no wpr-column-slider-no wpr-equal-height-no\" data-id=\"e2f4572\" data-element_type=\"section\">\n\t\t\t\t\t\t<div class=\"elementor-container elementor-column-gap-default\">\n\t\t\t\t\t<div class=\"elementor-column elementor-col-50 elementor-inner-column elementor-element elementor-element-74958c7\" data-id=\"74958c7\" data-element_type=\"column\">\n\t\t\t<div class=\"elementor-widget-wrap elementor-element-populated\">\n\t\t\t\t\t\t<div class=\"elementor-element elementor-element-2f0ceb8 elementor-widget elementor-widget-text-editor\" data-id=\"2f0ceb8\" data-element_type=\"widget\" data-widget_type=\"text-editor.default\">\n\t\t\t\t<div class=\"elementor-widget-container\">\n\t\t\t<style>\/*! elementor - v3.20.0 - 26-03-2024 *\/\n.elementor-widget-text-editor.elementor-drop-cap-view-stacked .elementor-drop-cap{background-color:#69727d;color:#fff}.elementor-widget-text-editor.elementor-drop-cap-view-framed .elementor-drop-cap{color:#69727d;border:3px solid;background-color:transparent}.elementor-widget-text-editor:not(.elementor-drop-cap-view-default) .elementor-drop-cap{margin-top:8px}.elementor-widget-text-editor:not(.elementor-drop-cap-view-default) .elementor-drop-cap-letter{width:1em;height:1em}.elementor-widget-text-editor .elementor-drop-cap{float:left;text-align:center;line-height:1;font-size:50px}.elementor-widget-text-editor .elementor-drop-cap-letter{display:inline-block}<\/style>\t\t\t\t<h5 style=\"text-align: right;\"><br><\/h5><h5 style=\"text-align: right;\"><br><\/h5><h5 style=\"text-align: right;\">Desde hace treinta a\u00f1os ya que se materializo el sue\u00f1o de ese siete de diciembre de 1981<\/h5>\n<p>A principios del a\u00f1o 1982 se desaf\u00edo al destino con 3 docentes y 56 estudiantes de lo que hoy en d\u00eda&nbsp; es el ciclo uno,&nbsp; ese mismo a\u00f1o en que Gabriel Garc\u00eda M\u00e1rquez obtuviera el Premio Nobel de Literatura, se dio inicio a esta instituci\u00f3n que se ha llenado de an\u00e9cdotas y sentencias&nbsp; conduci\u00e9ndonos al fin deseado como es el de poner el pa\u00eds al alcance de los estudiantes para que lo transformen y engrandezcan.<\/p>\n<p>Analicemos cada uno de nosotros nuestros propios sentimientos y consideremos uno por uno los pretextos por los cuales se siente una especial preferencia por esta instituci\u00f3n y un gran respeto, y sobre todo un gran cari\u00f1o por el oficio del maestro so\u00f1ador, entonces podremos saber la raz\u00f3n de todos los logros alcanzados hasta el d\u00eda de hoy.<\/p>\n<p>Toda esa serie de acontecimientos cotidianos donde no hemos tenido un instante de sosiego, que nos han permitido unirnos por medio de lazos irrompibles con ese grupo de muchachos que d\u00eda a d\u00eda y a\u00f1o tras a\u00f1o han desfilado con los mejores recuerdos, donde no han sido las clases sino los recreos, pasando por nuestras aulas deseosos de abrirse paso en la vida como D&#8217;artagnanes del deporte, caballeros del tubo de ensayo, declarados&nbsp; individuos peligrosos en el campo de la oratoria, futuros miembros del&nbsp; periodismo y nuestro parlamento, ap\u00f3stoles de la exactitud, c\u00f3nsules de la consagraci\u00f3n y la buena voluntad, personas con su buen humor y con inteligencia, personas con el&nbsp; mismo deseo de ser orgullo de la Patria, compa\u00f1eros inseparables de los libros,&nbsp; Personas&nbsp; distintas y un solo ideal verdadero: el triunfo.<\/p>\n<p>Un grupo de muchachos&nbsp;que est\u00e1n destinados a&nbsp;perdurar en las mejoress fotograf\u00edas e im\u00e1genes de Colombia llevando siempre en su morral: un l\u00e1piz o un pincel, un libro, un traje de danzas, un instrumento musical, un uniforme de artes marciales o simplemente el equipo para hacer acrobacias en alg\u00fan equipo de porras. Todos ellos van en nombre del Liceo Antonio de Toledo y de la sociedad permiti\u00e9ndoseles ser nombrados como jueces de conciencia de nuestra labor.<\/p>\n<p>Hoy no sabemos como sucedi\u00f3 todo; solo sabemos que desde el mismo d\u00eda de la gestaci\u00f3n de esta instituci\u00f3n y hasta la ma\u00f1ana de hoy la Lic. FLOR MARIA CARRERO no ha hecho cosa distinta que levantarse sin falta todos los d\u00edas temprano y con la \u00fanica misi\u00f3n de hacer feliz la vida a un miembro m\u00e1s de la familia Toledista.<\/p>\n<p>No se trata de ser pretenciosos, pero queremos mostrar que en la localidad hay una gigantesca cantidad de personas que han demostrado con su aceptaci\u00f3n, que tienen un alma abierta para ser llenada de calidad, no sab\u00edamos ni ten\u00edamos la menor idea del l\u00edo en que nos est\u00e1bamos metiendo y hacia&nbsp; d\u00f3nde nos conducir\u00eda la b\u00fasqueda de la certificaci\u00f3n ISO 9001:2008, lograda el&nbsp; 2 de diciembre del a\u00f1o inmediatamente anterior;&nbsp; Lo que hoy sabemos es: que no paramos de trabajar con calidad desde el primer d\u00eda&nbsp; de labores, y embarc\u00e1ndonos en un lio porque la respuesta hacia el futuro ser\u00e1 seguir siendo los mejores formadores, tarea cada vez m\u00e1s dif\u00edcil a medida que m\u00e1s se practica.<\/p>\n<p>Como formadores, creemos que las condiciones est\u00e1n dadas como nunca para el cambio, y que la educaci\u00f3n ser\u00e1 su \u00f3rgano maestro. Una educaci\u00f3n desde la cuna hasta la tumba, inconforme y reflexiva, que nos inspire un nuevo modo de pensar y nos incite a descubrir qui\u00e9nes somos en una sociedad que se quiera m\u00e1s a s\u00ed misma. Por un pa\u00eds pr\u00f3spero y justo que so\u00f1amos, Tal vez no se sepa nunca, pero su destino puede ser mejor s\u00ed alguien lo ayuda a descubrirlo. Un pa\u00eds al alcance de los ni\u00f1os no para forzarlos en ning\u00fan sentido, sino para crearles condiciones favorables y alentarlos a gozar sin temores de su juguete preferido como es la educaci\u00f3n.<\/p>\t\t\t\t\t\t<\/div>\n\t\t\t\t<\/div>\n\t\t\t\t\t<\/div>\n\t\t<\/div>\n\t\t\t\t<div class=\"elementor-column elementor-col-50 elementor-inner-column elementor-element elementor-element-9384144\" data-id=\"9384144\" data-element_type=\"column\">\n\t\t\t<div class=\"elementor-widget-wrap elementor-element-populated\">\n\t\t\t\t\t\t<div class=\"elementor-element elementor-element-5e36861 elementor-invisible elementor-widget elementor-widget-image\" data-id=\"5e36861\" data-element_type=\"widget\" data-settings=\"{&quot;_animation&quot;:&quot;fadeIn&quot;}\" data-widget_type=\"image.default\">\n\t\t\t\t<div class=\"elementor-widget-container\">\n\t\t\t<style>\/*! elementor - v3.20.0 - 26-03-2024 *\/\n.elementor-widget-image{text-align:center}.elementor-widget-image a{display:inline-block}.elementor-widget-image a img[src$=\".svg\"]{width:48px}.elementor-widget-image img{vertical-align:middle;display:inline-block}<\/style>\t\t\t\t\t\t\t\t\t\t<img fetchpriority=\"high\" decoding=\"async\" width=\"624\" height=\"445\" src=\"https:\/\/www.liceoantoniotoledo.com\/wp-content\/uploads\/2023\/07\/RECTORIA-1-1-624x445.png\" class=\"attachment-post-thumbnail size-post-thumbnail wp-image-3607\" alt=\"\" srcset=\"https:\/\/www.liceoantoniotoledo.com\/wp-content\/uploads\/2023\/07\/RECTORIA-1-1-624x445.png 624w, https:\/\/www.liceoantoniotoledo.com\/wp-content\/uploads\/2023\/07\/RECTORIA-1-1-300x214.png 300w, https:\/\/www.liceoantoniotoledo.com\/wp-content\/uploads\/2023\/07\/RECTORIA-1-1-1024x730.png 1024w, https:\/\/www.liceoantoniotoledo.com\/wp-content\/uploads\/2023\/07\/RECTORIA-1-1-768x547.png 768w, https:\/\/www.liceoantoniotoledo.com\/wp-content\/uploads\/2023\/07\/RECTORIA-1-1-1536x1095.png 1536w, https:\/\/www.liceoantoniotoledo.com\/wp-content\/uploads\/2023\/07\/RECTORIA-1-1-600x428.png 600w, https:\/\/www.liceoantoniotoledo.com\/wp-content\/uploads\/2023\/07\/RECTORIA-1-1.png 1595w\" sizes=\"(max-width: 624px) 100vw, 624px\" \/>\t\t\t\t\t\t\t\t\t\t\t\t\t<\/div>\n\t\t\t\t<\/div>\n\t\t\t\t<div class=\"elementor-element elementor-element-d2b1f43 elementor-invisible elementor-widget elementor-widget-image\" data-id=\"d2b1f43\" data-element_type=\"widget\" data-settings=\"{&quot;_animation&quot;:&quot;fadeIn&quot;}\" data-widget_type=\"image.default\">\n\t\t\t\t<div class=\"elementor-widget-container\">\n\t\t\t\t\t\t\t\t\t\t\t\t\t<img decoding=\"async\" width=\"624\" height=\"495\" src=\"https:\/\/www.liceoantoniotoledo.com\/wp-content\/uploads\/2023\/07\/RECTORIA-2-1-624x495.png\" class=\"attachment-post-thumbnail size-post-thumbnail wp-image-3608\" alt=\"\" srcset=\"https:\/\/www.liceoantoniotoledo.com\/wp-content\/uploads\/2023\/07\/RECTORIA-2-1-624x495.png 624w, https:\/\/www.liceoantoniotoledo.com\/wp-content\/uploads\/2023\/07\/RECTORIA-2-1-300x238.png 300w, https:\/\/www.liceoantoniotoledo.com\/wp-content\/uploads\/2023\/07\/RECTORIA-2-1-1024x812.png 1024w, https:\/\/www.liceoantoniotoledo.com\/wp-content\/uploads\/2023\/07\/RECTORIA-2-1-768x609.png 768w, https:\/\/www.liceoantoniotoledo.com\/wp-content\/uploads\/2023\/07\/RECTORIA-2-1-600x476.png 600w, https:\/\/www.liceoantoniotoledo.com\/wp-content\/uploads\/2023\/07\/RECTORIA-2-1.png 1419w\" sizes=\"(max-width: 624px) 100vw, 624px\" \/>\t\t\t\t\t\t\t\t\t\t\t\t\t<\/div>\n\t\t\t\t<\/div>\n\t\t\t\t<div class=\"elementor-element elementor-element-130cb13 elementor-invisible elementor-widget elementor-widget-image\" data-id=\"130cb13\" data-element_type=\"widget\" data-settings=\"{&quot;_animation&quot;:&quot;fadeIn&quot;}\" data-widget_type=\"image.default\">\n\t\t\t\t<div class=\"elementor-widget-container\">\n\t\t\t\t\t\t\t\t\t\t\t\t\t<img decoding=\"async\" src=\"https:\/\/www.liceoantoniotoledo.com\/wp-content\/uploads\/elementor\/thumbs\/RECTORIA-3-1-qd3gipz88qfghnuxsukadxxs4kepo7xhmdi65a36tw.png\" title=\"RECTORIA-3\" alt=\"RECTORIA-3\" loading=\"lazy\" \/>\t\t\t\t\t\t\t\t\t\t\t\t\t<\/div>\n\t\t\t\t<\/div>\n\t\t\t\t\t<\/div>\n\t\t<\/div>\n\t\t\t\t\t<\/div>\n\t\t<\/section>\n\t\t\t\t\t<\/div>\n\t\t<\/div>\n\t\t\t\t\t<\/div>\n\t\t<\/section>\n\t\t\t\t<section class=\"elementor-section elementor-top-section elementor-element elementor-element-b6f5a28 elementor-section-boxed elementor-section-height-default elementor-section-height-default wpr-particle-no wpr-jarallax-no wpr-parallax-no wpr-sticky-section-no wpr-column-slider-no wpr-equal-height-no\" data-id=\"b6f5a28\" data-element_type=\"section\">\n\t\t\t\t\t\t<div class=\"elementor-container elementor-column-gap-default\">\n\t\t\t\t\t<div class=\"elementor-column elementor-col-100 elementor-top-column elementor-element elementor-element-9a92fb1\" data-id=\"9a92fb1\" data-element_type=\"column\">\n\t\t\t<div class=\"elementor-widget-wrap\">\n\t\t\t\t\t\t\t<\/div>\n\t\t<\/div>\n\t\t\t\t\t<\/div>\n\t\t<\/section>\n\t\t\t\t<\/div>\n\t\t","protected":false},"excerpt":{"rendered":"<p>Desde hace treinta a\u00f1os ya que se materializo el sue\u00f1o de ese siete de diciembre de 1981 A principios del a\u00f1o 1982 se desaf\u00edo al destino con 3 docentes y 56 estudiantes de lo que hoy en d\u00eda&nbsp; es el ciclo uno,&nbsp; ese mismo a\u00f1o en que Gabriel Garc\u00eda M\u00e1rquez obtuviera el Premio Nobel de Literatura, se dio inicio a esta instituci\u00f3n que se ha llenado de an\u00e9cdotas y sentencias&nbsp; conduci\u00e9ndonos al fin deseado como es el de poner el pa\u00eds al alcance de los estudiantes para que lo transformen y engrandezcan. Analicemos cada uno de nosotros nuestros propios sentimientos y consideremos uno por uno los pretextos por los cuales se siente una especial preferencia por esta instituci\u00f3n y un gran respeto, y sobre todo un gran cari\u00f1o por el oficio del maestro so\u00f1ador, entonces podremos saber la raz\u00f3n de todos los logros alcanzados hasta el d\u00eda de hoy. Toda esa serie de acontecimientos cotidianos donde no hemos tenido un instante de sosiego, que nos han permitido unirnos por medio de lazos irrompibles con ese grupo de muchachos que d\u00eda a d\u00eda y a\u00f1o tras a\u00f1o han desfilado con los mejores recuerdos, donde no han sido las clases sino los recreos, pasando por nuestras aulas deseosos de abrirse paso en la vida como D&#8217;artagnanes del deporte, caballeros del tubo de ensayo, declarados&nbsp; individuos peligrosos en el campo de la oratoria, futuros miembros del&nbsp; periodismo y nuestro parlamento, ap\u00f3stoles de la exactitud, c\u00f3nsules de la consagraci\u00f3n y la buena voluntad, personas con su buen humor y con inteligencia, personas con el&nbsp; mismo deseo de ser orgullo de la Patria, compa\u00f1eros inseparables de los libros,&nbsp; Personas&nbsp; distintas y un solo ideal verdadero: el triunfo. Un grupo de muchachos&nbsp;que est\u00e1n destinados a&nbsp;perdurar en las mejoress fotograf\u00edas e im\u00e1genes de Colombia llevando siempre en su morral: un l\u00e1piz o un pincel, un libro, un traje de danzas, un instrumento musical, un uniforme de artes marciales o simplemente el equipo para hacer acrobacias en alg\u00fan equipo de porras. Todos ellos van en nombre del Liceo Antonio de Toledo y de la sociedad permiti\u00e9ndoseles ser nombrados como jueces de conciencia de nuestra labor. Hoy no sabemos como sucedi\u00f3 todo; solo sabemos que desde el mismo d\u00eda de la gestaci\u00f3n de esta instituci\u00f3n y hasta la ma\u00f1ana de hoy la Lic. FLOR MARIA CARRERO no ha hecho cosa distinta que levantarse sin falta todos los d\u00edas temprano y con la \u00fanica misi\u00f3n de hacer feliz la vida a un miembro m\u00e1s de la familia Toledista. No se trata de ser pretenciosos, pero queremos mostrar que en la localidad hay una gigantesca cantidad de personas que han demostrado con su aceptaci\u00f3n, que tienen un alma abierta para ser llenada de calidad, no sab\u00edamos ni ten\u00edamos la menor idea del l\u00edo en que nos est\u00e1bamos metiendo y hacia&nbsp; d\u00f3nde nos conducir\u00eda la b\u00fasqueda de la certificaci\u00f3n ISO 9001:2008, lograda el&nbsp; 2 de diciembre del a\u00f1o inmediatamente anterior;&nbsp; Lo que hoy sabemos es: que no paramos de trabajar con calidad desde el primer d\u00eda&nbsp; de labores, y embarc\u00e1ndonos en un lio porque la respuesta hacia el futuro ser\u00e1 seguir siendo los mejores formadores, tarea cada vez m\u00e1s dif\u00edcil a medida que m\u00e1s se practica. Como formadores, creemos que las condiciones est\u00e1n dadas como nunca para el cambio, y que la educaci\u00f3n ser\u00e1 su \u00f3rgano maestro. Una educaci\u00f3n desde la cuna hasta la tumba, inconforme y reflexiva, que nos inspire un nuevo modo de pensar y nos incite a descubrir qui\u00e9nes somos en una sociedad que se quiera m\u00e1s a s\u00ed misma. Por un pa\u00eds pr\u00f3spero y justo que so\u00f1amos, Tal vez no se sepa nunca, pero su destino puede ser mejor s\u00ed alguien lo ayuda a descubrirlo. Un pa\u00eds al alcance de los ni\u00f1os no para forzarlos en ning\u00fan sentido, sino para crearles condiciones favorables y alentarlos a gozar sin temores de su juguete preferido como es la educaci\u00f3n.<\/p>\n","protected":false},"author":1,"featured_media":0,"parent":0,"menu_order":0,"comment_status":"closed","ping_status":"closed","template":"","meta":{"footnotes":""},"class_list":["post-3037","page","type-page","status-publish","hentry"],"_links":{"self":[{"href":"https:\/\/www.liceoantoniotoledo.com\/index.php?rest_route=\/wp\/v2\/pages\/3037","targetHints":{"allow":["GET"]}}],"collection":[{"href":"https:\/\/www.liceoantoniotoledo.com\/index.php?rest_route=\/wp\/v2\/pages"}],"about":[{"href":"https:\/\/www.liceoantoniotoledo.com\/index.php?rest_route=\/wp\/v2\/types\/page"}],"author":[{"embeddable":true,"href":"https:\/\/www.liceoantoniotoledo.com\/index.php?rest_route=\/wp\/v2\/users\/1"}],"replies":[{"embeddable":true,"href":"https:\/\/www.liceoantoniotoledo.com\/index.php?rest_route=%2Fwp%2Fv2%2Fcomments&post=3037"}],"version-history":[{"count":10,"href":"https:\/\/www.liceoantoniotoledo.com\/index.php?rest_route=\/wp\/v2\/pages\/3037\/revisions"}],"predecessor-version":[{"id":4156,"href":"https:\/\/www.liceoantoniotoledo.com\/index.php?rest_route=\/wp\/v2\/pages\/3037\/revisions\/4156"}],"wp:attachment":[{"href":"https:\/\/www.liceoantoniotoledo.com\/index.php?rest_route=%2Fwp%2Fv2%2Fmedia&parent=3037"}],"curies":[{"name":"wp","href":"https:\/\/api.w.org\/{rel}","templated":true}]}}